{"id":1340,"date":"2020-10-18T22:44:53","date_gmt":"2020-10-18T22:44:53","guid":{"rendered":"http:\/\/dalmadaesa.cl\/mesmerize\/"},"modified":"2024-04-27T20:31:44","modified_gmt":"2024-04-27T20:31:44","slug":"mesmerize","status":"publish","type":"page","link":"https:\/\/dalmadaesa.cl\/","title":{"rendered":"Front Page"},"content":{"rendered":"<div  data-label=\"About\" data-id=\"about--1\" data-export-id=\"about-1\" data-category=\"about\" class=\"about-1 content-section\" id=\"about-1\" style=\"background-color: rgb(255, 255, 255);\"><div  class=\"gridContainer\"> <div  class=\"row text-center\"><div  class=\"section-title-col\" data-type=\"column\"> <h5  class=\"\">Acerca de nosotros<\/h5> <h2  class=\"\">Somos Dalma Daesa, apoyando el deporte, la educaci\u00f3n y la cultura.<\/h2> <p  class=\"lead\">Buscamos el desarrollo integral, que considera el deporte, la educaci\u00f3n y la cultura como un todo en el aprendizaje y crecimiento individual.<\/p><\/div> <\/div> <div  class=\"row\"> <div  class=\"button-holder space-bottom space-bottom-small\" data-type=\"column\"> <a class=\"button color1\" href=\"http:\/\/dalmadaesa.cl\/corporacion\" target=\"_self\" data-cp-link=\"1\" rel=\"noopener\">\u00bfQuieres conocer m\u00e1s?, accede aqu\u00ed.<\/a><\/div> <div  class=\"col-xs bottom-xs flexbox image-group-bottom-3-img space-bottom-xs center-xs\"> <img  decoding=\"async\" class=\"left-img shadow-large-black\" data-size=\"500x300\" src=\"http:\/\/dalmadaesa.cl\/wp-content\/uploads\/2020\/08\/cropped-foto_01-6.jpg\" alt=\"\" title=\"cropped-foto_01-6.jpg\"> <img  decoding=\"async\" class=\"center-img shadow-large-black\" data-size=\"500x300\" src=\"http:\/\/dalmadaesa.cl\/wp-content\/uploads\/2020\/08\/cropped-foto_03-19.jpg\" alt=\"\" title=\"cropped-foto_03-19.jpg\"> <img  decoding=\"async\" class=\"right-img shadow-large-black\" data-size=\"500x300\" src=\"http:\/\/dalmadaesa.cl\/wp-content\/uploads\/2020\/08\/foto_03-12.jpg\" alt=\"\" title=\"\"><\/div> <\/div><\/div> <\/div><div  data-label=\"Proyectos\" data-id=\"features--1\" data-export-id=\"features-12\" data-category=\"features\" class=\"features-12 content-section content-section-spacing \" id=\"proyectos\" style=\"background-color: rgb(255, 255, 255);\"><div  class=\"gridContainer\"> <div  class=\"row text-center\"><div  class=\"section-title-col\" data-type=\"column\"> <h2  class=\"\">Nuestros proyectos<\/h2> <p  class=\"lead\">Conoce nuestros principales proyectos para fomentar el deporte, la educuaci\u00f3n y la cultura. Accede a trav\u00e9s de los siguientes enlaces o accede a trav\u00e9s del men\u00fa de Proyectos para m\u00e1s informaci\u00f3n.<\/p><\/div> <\/div> <div  class=\"row spaced-cols\" data-type=\"row\"> <div  class=\"col-sm-6\"> <div  class=\"row space-bottom\"> <div  class=\"col-sm-fit icon-column\"> <a data-cp-link=\"1\" href=\"http:\/\/dalmadaesa.cl\/wp-content\/uploads\/2021\/01\/Escuelas_Formativas_Escolares_TKDCompatibility-Mode.pdf\" target=\"_self\" class=\"\" rel=\"noopener\"><i  class=\"fa icon color2 fa-child bordered round\"><\/i><\/a> <\/div> <div  class=\"col-sm\" data-type=\"column\"> <h5  class=\"color2\">Escuelas Formativas de Taekwondo<\/h5> <p  class=\"\">Escuelas Formativas de Taekwondo, son un proyecto deportivo formativo, implementado en instituciones educacionales, como estrategia extracurricular, para la orientaci\u00f3n, aprendizaje y practica de actividades f\u00edsicas, recreativas y pedag\u00f3gicas del deporte del Taekwondo, en ni\u00f1as, ni\u00f1os y adolescentes en edad escolar, buscando su desarrollo f\u00edsico, motriz, intelectual y socio-afectivo, mediante procesos formativos y t\u00e9cnicos que le permitan a los alumnos la incorporaci\u00f3n progresiva a una experiencia humana relevante a trav\u00e9s del deporte.<\/p><\/div> <\/div><\/div> <div  class=\"col-sm-6\"><div  class=\"row space-bottom\"> <div  class=\"col-sm-fit icon-column\"><a data-cp-link=\"1\" href=\"http:\/\/dalmadaesa.cl\/wp-content\/uploads\/2021\/01\/Liga_Deportiva_Escolar_TKD-Compatibility-Mode.pdf\" target=\"_self\" class=\"\" rel=\"noopener\"><i  class=\"fa icon color2 fa-users bordered round\"><\/i><\/a><\/div> <div  class=\"col-sm\" data-type=\"column\"><h5  class=\"color2\">Liga Deportiva Escolar de Taekwondo<\/h5> <p  class=\"\">El proyecto de Liga Deportiva promueve la incorporaci\u00f3n de equipos de taekwondo deportivos escolares al sistema de competencias de la \u201cLiga Escolar DalmaDaesa\u201d. Se realiza mediante la promoci\u00f3n, la integraci\u00f3n y el desarrollo personal de alumnos y alumnas de ense\u00f1anza b\u00e1sica y media, a trav\u00e9s de talleres deportivos extra program\u00e1ticos de Taekwondo deportivo a alumnos escolares de sistema educacional chileno, de establecimientos municipales y subvencionados del \u00e1rea metropolitana.<\/p><\/div> <\/div><\/div> <div  class=\"col-sm-6\"><div  class=\"row space-bottom\"> <div  class=\"col-sm-fit icon-column\"><a data-cp-link=\"1\" href=\"http:\/\/dalmadaesa.cl\/wp-content\/uploads\/2021\/01\/Semana_Cultural_Chile_CoreaCompatibility-Mode.pdf\" target=\"_self\" class=\"\" rel=\"noopener\"><i  class=\"fa icon color2 fa-handshake-o bordered round\"><\/i><\/a><\/div> <div  class=\"col-sm\" data-type=\"column\"><h5  class=\"color2\">Jornadas Culturales Corea y Chile:<br >Herramientas para el acercamiento y la comprensi\u00f3n entre ambos mundos<\/h5> <p  class=\"\">Las Jornadas Culturales Corea y Chile: Herramientas para el acercamiento y la comprensi\u00f3n entre ambos mundos es un proyecto que pretende a trav\u00e9s de actividades invitar a experiencias teorico-practicas de conversaci\u00f3n, reflexi\u00f3n y difusi\u00f3n, llevar a la comprensi\u00f3n de lo qu\u00e9 es y qu\u00e9 significa la cultura Coreana, en sus diversas dimensiones.<\/p><\/div> <\/div><\/div>  <div  class=\"col-sm-6\"> <div  class=\"row space-bottom\"> <div  class=\"col-sm-fit icon-column\"> <a data-cp-link=\"1\" href=\"http:\/\/dalmadaesa.cl\/proyecto_editorial\" target=\"_self\" rel=\"noopener\"><i  class=\"fa icon color2 fa-book bordered round\"><\/i><\/a> <\/div> <div  class=\"col-sm\" data-type=\"column\"> <h5  class=\"color2\">Editorial Dalma Daesa<\/h5> <p  class=\"\">La Editorial Dalma Daesa es un proyecto que pretende gestionar la creaci\u00f3n de libros aprovechando el corpus te\u00f3rico que en nuestra organizaci\u00f3n se generan: manuales, estudios, y material t\u00e9cnico, did\u00e1ctico, hist\u00f3rico, te\u00f3rico. Estudios sobre el taekwondo, las artes marciales, el deporte, la educaci\u00f3n, la cultura, temas que conducen al desarrollo o profundizaci\u00f3n, y darle curso de publicaci\u00f3n mediante un Cuerpo de Gesti\u00f3n Editorial capaz de coordinarlo y Tambi\u00e9n persigue la generaci\u00f3n de Indexaci\u00f3n de T\u00edtulos a la hora de investigar y tener la posibilidad de expandir el conocimiento y el pensamiento hacia otras regiones.<\/p><\/div> <\/div><\/div><\/div><\/div> <\/div><div  id=\"noticias\" style=\"background-color: #f5fafd;\" data-label=\"Noticias\" data-id=\"blog-section\" data-export-id=\"blog-section\" data-category=\"latest_news\" class=\"blog-section blog-section-standard content-section content-section-spacing\"><div  class=\"gridContainer\"> <div  class=\"row\"><div  data-type=\"column\" class=\"section-title-col\"> <h2  class=\"\">Noticias<\/h2> <p  class=\"lead\">Conoce nuestras actividades y eventos destacados de la DalmaDaesa<\/p><\/div> <\/div> <div  class=\"row\"> <div  data-type=\"row\" data-dynamic-columns=\"handled\" data-content-shortcode=\"mesmerize_latest_news\">\t\t<div class=\"row center-sm content-left-sm\">\n\t\t\t\t\t<div id=\"post-1546\" class=\"col-sm-6 col-md-4 space-bottom space-bottom-xs\">\n\t\t\t\t<div class=\"post-content card y-move bordered\">\n\t\t\t\t\t    <div class=\"post-thumbnail\">\n        <a href=\"https:\/\/dalmadaesa.cl\/?p=1546\" class=\"post-list-item-thumb \">\n            <img loading=\"lazy\" decoding=\"async\" width=\"467\" height=\"604\" src=\"https:\/\/dalmadaesa.cl\/wp-content\/uploads\/2024\/03\/UTMP5308.jpg\" class=\"attachment-post-thumbnail size-post-thumbnail wp-post-image\" alt=\"\" srcset=\"https:\/\/dalmadaesa.cl\/wp-content\/uploads\/2024\/03\/UTMP5308.jpg 467w, https:\/\/dalmadaesa.cl\/wp-content\/uploads\/2024\/03\/UTMP5308-232x300.jpg 232w\" sizes=\"auto, (max-width: 467px) 100vw, 467px\" \/>        <\/a>\n    <\/div>\n    \t\t\t\t\t<div class=\"col-padding col-padding-xs\">\n\t\t\t\t\t\t<h3 class=\"post-title space-bottom-small\">\n\t\t\t\t\t\t\t<a href=\"https:\/\/dalmadaesa.cl\/?p=1546\" rel=\"bookmark\">\n\t\t\t\t\t\t\t\tSensible Fallecimiento\t\t\t\t\t\t\t<\/a>\n\t\t\t\t\t\t<\/h3>\n\t\t\t\t\t\t<p>El primero de Agosto de 2023, lamentamos el sensible fallecimiento del querido Gran Maestro Francisco Andr\u00e9s Taboada, fundador y director de IFKMA (International Federetion Korean Marcial Art), maestro inspirador de[&hellip;]<\/p>\n\t\t\t\t\t\t<a class=\"read-more link\" href=\"https:\/\/dalmadaesa.cl\/?p=1546\">\n\t\t\t\t\t\t\tRead more\t\t\t\t\t\t<\/a>\n\t\t\t\t\t<\/div>\n\t\t\t\t<\/div>\n\t\t\t<\/div>\n\t\t\t\t\t\t<div id=\"post-1542\" class=\"col-sm-6 col-md-4 space-bottom space-bottom-xs\">\n\t\t\t\t<div class=\"post-content card y-move bordered\">\n\t\t\t\t\t    <div class=\"post-thumbnail\">\n        <a href=\"https:\/\/dalmadaesa.cl\/?p=1542\" class=\"post-list-item-thumb \">\n            <img loading=\"lazy\" decoding=\"async\" width=\"759\" height=\"979\" src=\"https:\/\/dalmadaesa.cl\/wp-content\/uploads\/2024\/03\/cad5f45f-3f05-4b68-b05d-2e82afd13420.jpg\" class=\"attachment-post-thumbnail size-post-thumbnail wp-post-image\" alt=\"\" srcset=\"https:\/\/dalmadaesa.cl\/wp-content\/uploads\/2024\/03\/cad5f45f-3f05-4b68-b05d-2e82afd13420.jpg 759w, https:\/\/dalmadaesa.cl\/wp-content\/uploads\/2024\/03\/cad5f45f-3f05-4b68-b05d-2e82afd13420-233x300.jpg 233w\" sizes=\"auto, (max-width: 759px) 100vw, 759px\" \/>        <\/a>\n    <\/div>\n    \t\t\t\t\t<div class=\"col-padding col-padding-xs\">\n\t\t\t\t\t\t<h3 class=\"post-title space-bottom-small\">\n\t\t\t\t\t\t\t<a href=\"https:\/\/dalmadaesa.cl\/?p=1542\" rel=\"bookmark\">\n\t\t\t\t\t\t\t\tEl Hosinsul: El Poderoso Arte de la Autodefensa en el Taekwondo\t\t\t\t\t\t\t<\/a>\n\t\t\t\t\t\t<\/h3>\n\t\t\t\t\t\t<p>El Taekwondo, conocido por sus impresionantes patadas y t\u00e9cnicas de combate, va m\u00e1s all\u00e1 de la competencia deportiva para ofrecer a sus practicantes habilidades vitales de autodefensa a trav\u00e9s del[&hellip;]<\/p>\n\t\t\t\t\t\t<a class=\"read-more link\" href=\"https:\/\/dalmadaesa.cl\/?p=1542\">\n\t\t\t\t\t\t\tRead more\t\t\t\t\t\t<\/a>\n\t\t\t\t\t<\/div>\n\t\t\t\t<\/div>\n\t\t\t<\/div>\n\t\t\t\t\t\t<div id=\"post-1535\" class=\"col-sm-6 col-md-4 space-bottom space-bottom-xs\">\n\t\t\t\t<div class=\"post-content card y-move bordered\">\n\t\t\t\t\t    <div class=\"post-thumbnail\">\n        <a href=\"https:\/\/dalmadaesa.cl\/?p=1535\" class=\"post-list-item-thumb \">\n            <img loading=\"lazy\" decoding=\"async\" width=\"1024\" height=\"738\" src=\"https:\/\/dalmadaesa.cl\/wp-content\/uploads\/2024\/03\/GJZH9380-1024x738.jpg\" class=\"attachment-post-thumbnail size-post-thumbnail wp-post-image\" alt=\"\" srcset=\"https:\/\/dalmadaesa.cl\/wp-content\/uploads\/2024\/03\/GJZH9380-1024x738.jpg 1024w, https:\/\/dalmadaesa.cl\/wp-content\/uploads\/2024\/03\/GJZH9380-300x216.jpg 300w, https:\/\/dalmadaesa.cl\/wp-content\/uploads\/2024\/03\/GJZH9380-768x553.jpg 768w, https:\/\/dalmadaesa.cl\/wp-content\/uploads\/2024\/03\/GJZH9380.jpg 1280w\" sizes=\"auto, (max-width: 1024px) 100vw, 1024px\" \/>        <\/a>\n    <\/div>\n    \t\t\t\t\t<div class=\"col-padding col-padding-xs\">\n\t\t\t\t\t\t<h3 class=\"post-title space-bottom-small\">\n\t\t\t\t\t\t\t<a href=\"https:\/\/dalmadaesa.cl\/?p=1535\" rel=\"bookmark\">\n\t\t\t\t\t\t\t\tVisita a KUKIWON en Se\u00fal\t\t\t\t\t\t\t<\/a>\n\t\t\t\t\t\t<\/h3>\n\t\t\t\t\t\t<p>De paso por Se\u00fal, nuestra delegaci\u00f3n realizo una visita protocolar, a la sede central del Taekwondo mundial \u201cKukiwon\u201d, donde se visito el memorial de los Kwanes (escuelas) y el Museo[&hellip;]<\/p>\n\t\t\t\t\t\t<a class=\"read-more link\" href=\"https:\/\/dalmadaesa.cl\/?p=1535\">\n\t\t\t\t\t\t\tRead more\t\t\t\t\t\t<\/a>\n\t\t\t\t\t<\/div>\n\t\t\t\t<\/div>\n\t\t\t<\/div>\n\t\t\t\t<\/div>\n\t<\/div><\/div> <div  class=\"row\"><div  class=\"text-center\"> <a class=\"button color1\" data-attr-shortcode=\"href:mesmerize_blog_link\" href=\"https:\/\/dalmadaesa.cl\/?page_id=1342\" target=\"_self\" rel=\"noopener\">VER TODO<\/a><\/div> <\/div><\/div><\/div>","protected":false},"excerpt":{"rendered":"<p>Acerca de nosotros Somos Dalma Daesa, apoyando el deporte, la educaci\u00f3n y la cultura. Buscamos el desarrollo integral, que considera el deporte, la educaci\u00f3n y la cultura como un todo en el aprendizaje y crecimiento individual. \u00bfQuieres conocer m\u00e1s?, accede aqu\u00ed. Nuestros proyectos Conoce nuestros principales proyectos para fomentar el deporte, la educuaci\u00f3n y la&hellip; <br \/> <a class=\"read-more\" href=\"https:\/\/dalmadaesa.cl\/?p=1535\">Leer m\u00e1s<\/a><\/p>\n","protected":false},"author":6,"featured_media":0,"parent":0,"menu_order":0,"comment_status":"closed","ping_status":"closed","template":"page-templates\/homepage.php","meta":{"footnotes":""},"class_list":["post-1340","page","type-page","status-publish","hentry"],"_links":{"self":[{"href":"https:\/\/dalmadaesa.cl\/index.php?rest_route=\/wp\/v2\/pages\/1340","targetHints":{"allow":["GET"]}}],"collection":[{"href":"https:\/\/dalmadaesa.cl\/index.php?rest_route=\/wp\/v2\/pages"}],"about":[{"href":"https:\/\/dalmadaesa.cl\/index.php?rest_route=\/wp\/v2\/types\/page"}],"author":[{"embeddable":true,"href":"https:\/\/dalmadaesa.cl\/index.php?rest_route=\/wp\/v2\/users\/6"}],"replies":[{"embeddable":true,"href":"https:\/\/dalmadaesa.cl\/index.php?rest_route=%2Fwp%2Fv2%2Fcomments&post=1340"}],"version-history":[{"count":2,"href":"https:\/\/dalmadaesa.cl\/index.php?rest_route=\/wp\/v2\/pages\/1340\/revisions"}],"predecessor-version":[{"id":1557,"href":"https:\/\/dalmadaesa.cl\/index.php?rest_route=\/wp\/v2\/pages\/1340\/revisions\/1557"}],"wp:attachment":[{"href":"https:\/\/dalmadaesa.cl\/index.php?rest_route=%2Fwp%2Fv2%2Fmedia&parent=1340"}],"curies":[{"name":"wp","href":"https:\/\/api.w.org\/{rel}","templated":true}]}}